{"id":1050,"date":"2024-04-25T15:58:09","date_gmt":"2024-04-25T13:58:09","guid":{"rendered":"http:\/\/couven.motionandstrategy.de\/?post_type=gemeinschaft&#038;p=1050"},"modified":"2026-03-16T14:49:50","modified_gmt":"2026-03-16T13:49:50","slug":"oberstufe","status":"publish","type":"gemeinschaft","link":"https:\/\/www.couven-gymnasium.de\/wordpress2\/gemeinschaft\/oberstufe\/","title":{"rendered":"Oberstufe"},"content":{"rendered":"\n<h2 class=\"wp-block-heading\" style=\"font-size:40px\"><strong>Oberstufe<\/strong><\/h2>\n\n\n\n<p style=\"font-size:17px\">Herzlich willkommen!<\/p>\n\n\n\n<p style=\"font-size:17px\">Im Folgenden finden Sie \/ findest du einige Infos zu unserer Oberstufe. Bei Fragen \/ Hospitationswunsch usw. gern an mich wenden.<\/p>\n\n\n\n<p>HG Christian Fengler (Oberstufenkoordinator, <a href=\"mailto:feng@couven.de\">feng@couven.de<\/a>)<\/p>\n\n\n\n<p><\/p>\n\n\n\n<h3 class=\"wp-block-heading has-medium-font-size\"><strong>Klausur- und Terminplan (2025-26)<\/strong><\/h3>\n\n\n\n<p><\/p>\n\n\n\n<ul class=\"wp-block-list\">\n<li><a href=\"https:\/\/www.couven-gymnasium.de\/wordpress2\/wp-content\/uploads\/2026\/01\/1-KlausurTerminplan-III.-Quartal-25-26.pdf\" target=\"_blank\" rel=\"noreferrer noopener\">III. Quartal<\/a><\/li>\n\n\n\n<li><a href=\"https:\/\/www.couven-gymnasium.de\/wordpress2\/wp-content\/uploads\/2026\/01\/1-KlausurTerminplan-IV.-Quartal-25-26.pdf\" target=\"_blank\" rel=\"noreferrer noopener\">IV. Quartal<\/a><\/li>\n<\/ul>\n\n\n\n<div style=\"height:25px\" aria-hidden=\"true\" class=\"wp-block-spacer\"><\/div>\n\n\n\n<h3 class=\"wp-block-heading has-medium-font-size\"><strong>Allgemeine Informationen zur Oberstufe<\/strong><\/h3>\n\n\n\n<ul class=\"wp-block-list\">\n<li><a href=\"https:\/\/www.couven-gymnasium.de\/wordpress2\/wp-content\/uploads\/2025\/12\/1-Entschuldigungsverfahren-Klausuren-SII-Info-bei-Eintritt.pdf\" target=\"_blank\" rel=\"noreferrer noopener\">Entschuldigungsverfahren &amp; Klausuren in der Oberstufe (PDF)<\/a><\/li>\n<\/ul>\n\n\n\n<div style=\"height:25px\" aria-hidden=\"true\" class=\"wp-block-spacer\"><\/div>\n\n\n\n<h3 class=\"wp-block-heading\" style=\"font-size:20px\"><strong>Kurswahl f\u00fcr das Schuljahr 2026-27<\/strong><\/h3>\n\n\n\n<ul class=\"wp-block-list\">\n<li><a href=\"https:\/\/www.couven-gymnasium.de\/wordpress2\/wp-content\/uploads\/2026\/03\/1-Anleitung-Kurswahl-LuPO-2026-27.pdf\" target=\"_blank\" rel=\"noreferrer noopener\">Anleitung zur Kurswahl mit Lupo<\/a><\/li>\n<\/ul>\n\n\n\n<p><\/p>\n\n\n\n<ul class=\"wp-block-list\">\n<li><a href=\"https:\/\/www.couven-gymnasium.de\/wordpress2\/wp-content\/uploads\/2026\/03\/2-Oberstufe-am-Couven.pdf\" target=\"_blank\" rel=\"noreferrer noopener\">F\u00fcr zuk\u00fcnftige EF: Info Oberstufe am Couven&nbsp;<\/a><\/li>\n\n\n\n<li><a href=\"https:\/\/www.couven-gymnasium.de\/wordpress2\/wp-content\/uploads\/2026\/03\/3-Neue-Faecher-in-EF.pdf\" target=\"_blank\" rel=\"noreferrer noopener\">F\u00fcr zuk\u00fcnftige EF: Info neue F\u00e4cher in der EF<\/a><\/li>\n\n\n\n<li><a href=\"https:\/\/www.couven-gymnasium.de\/wordpress2\/wp-content\/uploads\/2026\/03\/4-Oberstufe-in-NRW.pdf\" target=\"_blank\" rel=\"noreferrer noopener\">F\u00fcr zuk\u00fcnftige EF: Info Oberstufe in NRW (Ministerium)<\/a><\/li>\n<\/ul>\n\n\n\n<p><\/p>\n\n\n\n<ul class=\"wp-block-list\">\n<li><a href=\"https:\/\/www.couven-gymnasium.de\/wordpress2\/wp-content\/uploads\/2026\/03\/5-Info-Q-Phase-Abitur.pdf\" target=\"_blank\" rel=\"noreferrer noopener\">F\u00fcr zuk\u00fcnftige Q1: Info Qualifikationsphase und Abitur&nbsp;<\/a><\/li>\n\n\n\n<li><a href=\"https:\/\/www.couven-gymnasium.de\/wordpress2\/wp-content\/uploads\/2026\/03\/6_Info-SP-LK-und-SP-GK-Profile.pdf\" target=\"_blank\" rel=\"noreferrer noopener\">F\u00fcr zuk\u00fcnftige Q1: Info SP-LK und SP-GK<\/a><\/li>\n\n\n\n<li>F\u00fcr zuk\u00fcnftige Q1: Literatur- und Projektkurse (siehe Teams)<\/li>\n<\/ul>\n","protected":false},"featured_media":816,"template":"","categories":[21],"class_list":["post-1050","gemeinschaft","type-gemeinschaft","status-publish","has-post-thumbnail","hentry","category-stufen"],"acf":[],"uagb_featured_image_src":{"full":["https:\/\/www.couven-gymnasium.de\/wordpress2\/wp-content\/uploads\/2024\/03\/Intern-Admin.jpg",550,352,false],"thumbnail":["https:\/\/www.couven-gymnasium.de\/wordpress2\/wp-content\/uploads\/2024\/03\/Intern-Admin-150x150.jpg",150,150,true],"medium":["https:\/\/www.couven-gymnasium.de\/wordpress2\/wp-content\/uploads\/2024\/03\/Intern-Admin-300x192.jpg",300,192,true],"medium_large":["https:\/\/www.couven-gymnasium.de\/wordpress2\/wp-content\/uploads\/2024\/03\/Intern-Admin.jpg",550,352,false],"large":["https:\/\/www.couven-gymnasium.de\/wordpress2\/wp-content\/uploads\/2024\/03\/Intern-Admin.jpg",550,352,false],"1536x1536":["https:\/\/www.couven-gymnasium.de\/wordpress2\/wp-content\/uploads\/2024\/03\/Intern-Admin.jpg",550,352,false],"2048x2048":["https:\/\/www.couven-gymnasium.de\/wordpress2\/wp-content\/uploads\/2024\/03\/Intern-Admin.jpg",550,352,false]},"uagb_author_info":{"display_name":"couvenlehrer-editor","author_link":"https:\/\/www.couven-gymnasium.de\/wordpress2\/author\/"},"uagb_comment_info":0,"uagb_excerpt":"Oberstufe Herzlich willkommen! Im Folgenden finden Sie \/ findest du einige Infos zu unserer Oberstufe. Bei Fragen \/ Hospitationswunsch usw. gern an mich wenden. HG Christian Fengler (Oberstufenkoordinator, feng@couven.de) Klausur- [&hellip;]","publishpress_future_workflow_manual_trigger":{"enabledWorkflows":[]},"_links":{"self":[{"href":"https:\/\/www.couven-gymnasium.de\/wordpress2\/wp-json\/wp\/v2\/gemeinschaft\/1050","targetHints":{"allow":["GET"]}}],"collection":[{"href":"https:\/\/www.couven-gymnasium.de\/wordpress2\/wp-json\/wp\/v2\/gemeinschaft"}],"about":[{"href":"https:\/\/www.couven-gymnasium.de\/wordpress2\/wp-json\/wp\/v2\/types\/gemeinschaft"}],"wp:featuredmedia":[{"embeddable":true,"href":"https:\/\/www.couven-gymnasium.de\/wordpress2\/wp-json\/wp\/v2\/media\/816"}],"wp:attachment":[{"href":"https:\/\/www.couven-gymnasium.de\/wordpress2\/wp-json\/wp\/v2\/media?parent=1050"}],"wp:term":[{"taxonomy":"category","embeddable":true,"href":"https:\/\/www.couven-gymnasium.de\/wordpress2\/wp-json\/wp\/v2\/categories?post=1050"}],"curies":[{"name":"wp","href":"https:\/\/api.w.org\/{rel}","templated":true}]}}