{"id":1048,"date":"2024-04-26T15:59:00","date_gmt":"2024-04-26T13:59:00","guid":{"rendered":"http:\/\/couven.motionandstrategy.de\/?post_type=gemeinschaft&#038;p=1048"},"modified":"2026-02-27T15:55:09","modified_gmt":"2026-02-27T14:55:09","slug":"erprobungsstufe","status":"publish","type":"gemeinschaft","link":"https:\/\/www.couven-gymnasium.de\/wordpress2\/gemeinschaft\/erprobungsstufe\/","title":{"rendered":"Erprobungsstufe"},"content":{"rendered":"\n<h2 class=\"wp-block-heading\">Warum zum Couven?<\/h2>\n\n\n\n<p>Der Wechsel an eine weiterf\u00fchrende Schule ist f\u00fcr viele Kinder eine aufregende Zeit \u2013 mit vielen Fragen, Hoffnungen und manchmal auch etwas Aufregung.<br>Damit dieser Schritt gut gelingt, gestalten wir am <strong>Couven Gymnasium<\/strong> den \u00dcbergang von der Grundschule zu uns so sanft wie m\u00f6glich: Aus dem Sprung ins kalte Wasser wird ein behutsames Hineingleiten in ein warmes Schwimmbecken.<br>Wie das genau aussieht, erfahren Sie in unserem&nbsp;<strong><a href=\"https:\/\/www.couven-gymnasium.de\/wordpress2\/wp-content\/uploads\/2024\/04\/Erprobungsstufe-2022.pdf\" target=\"_blank\" rel=\"noreferrer noopener\">Flyer zur Erprobungsstufe<\/a>.<\/strong><\/p>\n\n\n\n<p>Eine Schule mit \u00fcber 1.100 Sch\u00fcler:innen bietet viele M\u00f6glichkeiten.<\/p>\n\n\n\n<div style=\"height:20px\" aria-hidden=\"true\" class=\"wp-block-spacer\"><\/div>\n\n\n\n<div class=\"wp-block-columns is-layout-flex wp-container-core-columns-is-layout-28f84493 wp-block-columns-is-layout-flex\">\n<div class=\"wp-block-column is-layout-flow wp-block-column-is-layout-flow\">\n<div class=\"wp-block-columns is-layout-flex wp-container-core-columns-is-layout-28f84493 wp-block-columns-is-layout-flex\">\n<div class=\"wp-block-column is-layout-flow wp-block-column-is-layout-flow\" style=\"flex-basis:33.33%\">\n<figure class=\"wp-block-image alignright size-full is-resized\"><img fetchpriority=\"high\" decoding=\"async\" width=\"576\" height=\"576\" src=\"https:\/\/www.couven-gymnasium.de\/wordpress2\/wp-content\/uploads\/2026\/02\/Piktogramm_NW-edited-1.png\" alt=\"\" class=\"wp-image-9939\" style=\"aspect-ratio:1;object-fit:cover;width:60px\" srcset=\"https:\/\/www.couven-gymnasium.de\/wordpress2\/wp-content\/uploads\/2026\/02\/Piktogramm_NW-edited-1.png 576w, https:\/\/www.couven-gymnasium.de\/wordpress2\/wp-content\/uploads\/2026\/02\/Piktogramm_NW-edited-1-300x300.png 300w, https:\/\/www.couven-gymnasium.de\/wordpress2\/wp-content\/uploads\/2026\/02\/Piktogramm_NW-edited-1-150x150.png 150w\" sizes=\"(max-width: 576px) 100vw, 576px\" \/><\/figure>\n<\/div>\n\n\n\n<div class=\"wp-block-column is-layout-flow wp-block-column-is-layout-flow\" style=\"flex-basis:66.66%\">\n<h3 class=\"wp-block-heading\"><strong>MINT-EC<\/strong><\/h3>\n\n\n\n<p>Mathematik, Naturwissenschaften, Informatik und Technik werden am Couven aktiv erlebt. Experimentieren, Programmieren, Wettbewerbe und Arbeiten im MakerSpace geh\u00f6ren selbstverst\u00e4ndlich dazu. Als zertifizierte MINT-EC-Schule f\u00f6rdern wir Talente besonders intensiv mit moderner Ausstattung und vielen spannenden Projekten.<\/p>\n<\/div>\n<\/div>\n<\/div>\n\n\n\n<div class=\"wp-block-column is-layout-flow wp-block-column-is-layout-flow\">\n<div class=\"wp-block-columns is-layout-flex wp-container-core-columns-is-layout-28f84493 wp-block-columns-is-layout-flex\">\n<div class=\"wp-block-column is-layout-flow wp-block-column-is-layout-flow\" style=\"flex-basis:33.33%\">\n<figure class=\"wp-block-image alignright size-full is-resized\"><img decoding=\"async\" width=\"736\" height=\"691\" src=\"https:\/\/www.couven-gymnasium.de\/wordpress2\/wp-content\/uploads\/2024\/04\/Piktogramm_Bili.png\" alt=\"\" class=\"wp-image-9986\" style=\"width:60px\" srcset=\"https:\/\/www.couven-gymnasium.de\/wordpress2\/wp-content\/uploads\/2024\/04\/Piktogramm_Bili.png 736w, https:\/\/www.couven-gymnasium.de\/wordpress2\/wp-content\/uploads\/2024\/04\/Piktogramm_Bili-300x282.png 300w\" sizes=\"(max-width: 736px) 100vw, 736px\" \/><\/figure>\n<\/div>\n\n\n\n<div class=\"wp-block-column is-layout-flow wp-block-column-is-layout-flow\" style=\"flex-basis:66.66%\">\n<h3 class=\"wp-block-heading\"><strong>Bilingualer Zweig (Englisch)<\/strong><\/h3>\n\n\n\n<p>Verst\u00e4rkter Englischunterricht ab Klasse 5 und 6 bereitet gezielt auf den bilingualen Fachunterricht vor. Ab Klasse 7 werden F\u00e4cher wie Erdkunde, Geschichte oder Biologie auf Englisch unterrichtet. So entwickeln Sch\u00fclerinnen und Sch\u00fcler fachliche Sicherheit in zwei Sprachen und gewinnen internationale Perspektiven.<\/p>\n<\/div>\n<\/div>\n<\/div>\n\n\n\n<div class=\"wp-block-column is-layout-flow wp-block-column-is-layout-flow\">\n<div class=\"wp-block-columns is-layout-flex wp-container-core-columns-is-layout-28f84493 wp-block-columns-is-layout-flex\">\n<div class=\"wp-block-column is-layout-flow wp-block-column-is-layout-flow\" style=\"flex-basis:33.33%\">\n<figure class=\"wp-block-image alignright size-full is-resized\"><img decoding=\"async\" width=\"686\" height=\"686\" src=\"https:\/\/www.couven-gymnasium.de\/wordpress2\/wp-content\/uploads\/2024\/04\/Piktogramm_Digital.png\" alt=\"\" class=\"wp-image-9990\" style=\"width:60px\" srcset=\"https:\/\/www.couven-gymnasium.de\/wordpress2\/wp-content\/uploads\/2024\/04\/Piktogramm_Digital.png 686w, https:\/\/www.couven-gymnasium.de\/wordpress2\/wp-content\/uploads\/2024\/04\/Piktogramm_Digital-300x300.png 300w, https:\/\/www.couven-gymnasium.de\/wordpress2\/wp-content\/uploads\/2024\/04\/Piktogramm_Digital-150x150.png 150w\" sizes=\"(max-width: 686px) 100vw, 686px\" \/><\/figure>\n<\/div>\n\n\n\n<div class=\"wp-block-column is-layout-flow wp-block-column-is-layout-flow\" style=\"flex-basis:66.66%\">\n<h3 class=\"wp-block-heading\"><strong>Digitale Schule<\/strong><\/h3>\n\n\n\n<p>Lernen am Couven verbindet fachliches Arbeiten mit zeitgem\u00e4\u00dfen Methoden. iPads f\u00fcr alle Sch\u00fclerinnen und Sch\u00fcler ab Klasse 7, digitale Pr\u00e4sentationstechnik in den Klassenr\u00e4umen und moderner, sch\u00fclerzentrierter Unterricht f\u00f6rdern selbstst\u00e4ndiges und kooperatives Lernen.<\/p>\n<\/div>\n<\/div>\n<\/div>\n<\/div>\n\n\n\n<div class=\"wp-block-columns is-layout-flex wp-container-core-columns-is-layout-28f84493 wp-block-columns-is-layout-flex\">\n<div class=\"wp-block-column is-layout-flow wp-block-column-is-layout-flow\">\n<div class=\"wp-block-columns is-layout-flex wp-container-core-columns-is-layout-28f84493 wp-block-columns-is-layout-flex\">\n<div class=\"wp-block-column is-layout-flow wp-block-column-is-layout-flow\" style=\"flex-basis:33.33%\">\n<figure class=\"wp-block-image alignright size-full is-resized\"><img loading=\"lazy\" decoding=\"async\" width=\"579\" height=\"579\" src=\"https:\/\/www.couven-gymnasium.de\/wordpress2\/wp-content\/uploads\/2024\/04\/Piktogramm_Europa.png\" alt=\"\" class=\"wp-image-9987\" style=\"width:60px\" srcset=\"https:\/\/www.couven-gymnasium.de\/wordpress2\/wp-content\/uploads\/2024\/04\/Piktogramm_Europa.png 579w, https:\/\/www.couven-gymnasium.de\/wordpress2\/wp-content\/uploads\/2024\/04\/Piktogramm_Europa-300x300.png 300w, https:\/\/www.couven-gymnasium.de\/wordpress2\/wp-content\/uploads\/2024\/04\/Piktogramm_Europa-150x150.png 150w\" sizes=\"(max-width: 579px) 100vw, 579px\" \/><\/figure>\n<\/div>\n\n\n\n<div class=\"wp-block-column is-layout-flow wp-block-column-is-layout-flow\" style=\"flex-basis:66.66%\">\n<h3 class=\"wp-block-heading\"><strong>Europaschule<\/strong><\/h3>\n\n\n\n<p>Sprachen, Austauschprogramme und internationale Projekte machen Europa im Schulalltag erlebbar. Begegnungen mit Partnerschulen und gemeinsame Aktionen wie der Europatag st\u00e4rken Weltoffenheit und interkulturelle Kompetenzen.<\/p>\n<\/div>\n<\/div>\n<\/div>\n\n\n\n<div class=\"wp-block-column is-layout-flow wp-block-column-is-layout-flow\">\n<div class=\"wp-block-columns is-layout-flex wp-container-core-columns-is-layout-28f84493 wp-block-columns-is-layout-flex\">\n<div class=\"wp-block-column is-layout-flow wp-block-column-is-layout-flow\" style=\"flex-basis:33.33%\">\n<figure class=\"wp-block-image alignright size-full is-resized\"><img loading=\"lazy\" decoding=\"async\" width=\"676\" height=\"676\" src=\"https:\/\/www.couven-gymnasium.de\/wordpress2\/wp-content\/uploads\/2024\/04\/Piktogramm_SozialesMiteinander.png\" alt=\"\" class=\"wp-image-9988\" style=\"width:60px\" srcset=\"https:\/\/www.couven-gymnasium.de\/wordpress2\/wp-content\/uploads\/2024\/04\/Piktogramm_SozialesMiteinander.png 676w, https:\/\/www.couven-gymnasium.de\/wordpress2\/wp-content\/uploads\/2024\/04\/Piktogramm_SozialesMiteinander-300x300.png 300w, https:\/\/www.couven-gymnasium.de\/wordpress2\/wp-content\/uploads\/2024\/04\/Piktogramm_SozialesMiteinander-150x150.png 150w\" sizes=\"(max-width: 676px) 100vw, 676px\" \/><\/figure>\n<\/div>\n\n\n\n<div class=\"wp-block-column is-layout-flow wp-block-column-is-layout-flow\" style=\"flex-basis:66.66%\">\n<h3 class=\"wp-block-heading\"><strong>Soziales Miteinander<\/strong><\/h3>\n\n\n\n<p>Gemeinschaft, Respekt und Verantwortung pr\u00e4gen das Leben am Couven. In den Klassen 5 und 6 ist soziales Lernen sogar als Schulfach im Stundenplan verankert. Klassenprojekte, Patenschaften und vielf\u00e4ltige Mitgestaltungsm\u00f6glichkeiten f\u00f6rdern Pers\u00f6nlichkeitsentwicklung und ein starkes Wir Gef\u00fchl.<\/p>\n<\/div>\n<\/div>\n<\/div>\n\n\n\n<div class=\"wp-block-column is-layout-flow wp-block-column-is-layout-flow\">\n<div class=\"wp-block-columns is-layout-flex wp-container-core-columns-is-layout-28f84493 wp-block-columns-is-layout-flex\">\n<div class=\"wp-block-column is-layout-flow wp-block-column-is-layout-flow\" style=\"flex-basis:33.33%\">\n<figure class=\"wp-block-image alignright size-full is-resized\"><img loading=\"lazy\" decoding=\"async\" width=\"750\" height=\"750\" src=\"https:\/\/www.couven-gymnasium.de\/wordpress2\/wp-content\/uploads\/2024\/04\/Piktogramm_SportMusik.png\" alt=\"\" class=\"wp-image-9989\" style=\"width:60px\" srcset=\"https:\/\/www.couven-gymnasium.de\/wordpress2\/wp-content\/uploads\/2024\/04\/Piktogramm_SportMusik.png 750w, https:\/\/www.couven-gymnasium.de\/wordpress2\/wp-content\/uploads\/2024\/04\/Piktogramm_SportMusik-300x300.png 300w, https:\/\/www.couven-gymnasium.de\/wordpress2\/wp-content\/uploads\/2024\/04\/Piktogramm_SportMusik-150x150.png 150w\" sizes=\"(max-width: 750px) 100vw, 750px\" \/><\/figure>\n<\/div>\n\n\n\n<div class=\"wp-block-column is-layout-flow wp-block-column-is-layout-flow\" style=\"flex-basis:66.66%\">\n<h3 class=\"wp-block-heading\"><strong>Sport &amp; Musik<\/strong><\/h3>\n\n\n\n<p>Als Partnerschule des Leistungssports f\u00f6rdern wir sportliche Talente gezielt. Gleichzeitig bietet das Couven ein breites musikalisches Angebot von Bl\u00e4serklassen ab Klasse 5 bis zu Ch\u00f6ren, Orchester und Blasensembles.<\/p>\n<\/div>\n<\/div>\n<\/div>\n<\/div>\n\n\n\n<p>Und das ist l\u00e4ngst nicht alles \u2013 mehr \u00fcber unser vielf\u00e4ltiges Schulleben finden Sie im Flyer&nbsp;<a href=\"https:\/\/www.couven-gymnasium.de\/wordpress2\/wp-content\/uploads\/2024\/04\/Couven-Chef-2022.pdf\" target=\"_blank\" rel=\"noreferrer noopener\">\u201c<strong>Wir im Couven\u2026\u201d<\/strong><\/a><\/p>\n\n\n\n<div class=\"wp-block-uagb-call-to-action uagb-block-535f3fc2 wp-block-button\"><div class=\"uagb-cta__wrap\"><h3 class=\"uagb-cta__title\">Anmeldung zum Schuljahr 2026\/27&nbsp;<\/h3><p class=\"uagb-cta__desc\">Alle wichtigen Informationen rund um Anmeldung, Informations- und Kennenlernangebote sowie Beratungsm\u00f6glichkeiten finden Sie auf der folgenden Unterseite.<\/p><\/div><div class=\"uagb-cta__buttons\"><a href=\"https:\/\/www.couven-gymnasium.de\/wordpress2\/couven-board\/anmeldung-zum-schuljahr-2026-27\/\" class=\"uagb-cta__button-link-wrapper wp-block-button__link\" target=\"_self\" rel=\"noopener noreferrer\">Weitere Informationen<\/a><\/div><\/div>\n","protected":false},"featured_media":883,"template":"","categories":[21],"class_list":["post-1048","gemeinschaft","type-gemeinschaft","status-publish","has-post-thumbnail","hentry","category-stufen"],"acf":[],"uagb_featured_image_src":{"full":["https:\/\/www.couven-gymnasium.de\/wordpress2\/wp-content\/uploads\/2024\/03\/Begabungsforderung.jpg",524,393,false],"thumbnail":["https:\/\/www.couven-gymnasium.de\/wordpress2\/wp-content\/uploads\/2024\/03\/Begabungsforderung-150x150.jpg",150,150,true],"medium":["https:\/\/www.couven-gymnasium.de\/wordpress2\/wp-content\/uploads\/2024\/03\/Begabungsforderung-300x225.jpg",300,225,true],"medium_large":["https:\/\/www.couven-gymnasium.de\/wordpress2\/wp-content\/uploads\/2024\/03\/Begabungsforderung.jpg",524,393,false],"large":["https:\/\/www.couven-gymnasium.de\/wordpress2\/wp-content\/uploads\/2024\/03\/Begabungsforderung.jpg",524,393,false],"1536x1536":["https:\/\/www.couven-gymnasium.de\/wordpress2\/wp-content\/uploads\/2024\/03\/Begabungsforderung.jpg",524,393,false],"2048x2048":["https:\/\/www.couven-gymnasium.de\/wordpress2\/wp-content\/uploads\/2024\/03\/Begabungsforderung.jpg",524,393,false]},"uagb_author_info":{"display_name":"couvenlehrer-editor","author_link":"https:\/\/www.couven-gymnasium.de\/wordpress2\/author\/"},"uagb_comment_info":0,"uagb_excerpt":"Warum zum Couven? Der Wechsel an eine weiterf\u00fchrende Schule ist f\u00fcr viele Kinder eine aufregende Zeit \u2013 mit vielen Fragen, Hoffnungen und manchmal auch etwas Aufregung.Damit dieser Schritt gut gelingt, [&hellip;]","publishpress_future_workflow_manual_trigger":{"enabledWorkflows":[]},"_links":{"self":[{"href":"https:\/\/www.couven-gymnasium.de\/wordpress2\/wp-json\/wp\/v2\/gemeinschaft\/1048","targetHints":{"allow":["GET"]}}],"collection":[{"href":"https:\/\/www.couven-gymnasium.de\/wordpress2\/wp-json\/wp\/v2\/gemeinschaft"}],"about":[{"href":"https:\/\/www.couven-gymnasium.de\/wordpress2\/wp-json\/wp\/v2\/types\/gemeinschaft"}],"wp:featuredmedia":[{"embeddable":true,"href":"https:\/\/www.couven-gymnasium.de\/wordpress2\/wp-json\/wp\/v2\/media\/883"}],"wp:attachment":[{"href":"https:\/\/www.couven-gymnasium.de\/wordpress2\/wp-json\/wp\/v2\/media?parent=1048"}],"wp:term":[{"taxonomy":"category","embeddable":true,"href":"https:\/\/www.couven-gymnasium.de\/wordpress2\/wp-json\/wp\/v2\/categories?post=1048"}],"curies":[{"name":"wp","href":"https:\/\/api.w.org\/{rel}","templated":true}]}}