{"id":1303,"date":"2024-05-09T11:02:18","date_gmt":"2024-05-09T09:02:18","guid":{"rendered":"http:\/\/couven.motionandstrategy.de\/?post_type=beratung-und-hilfsan&#038;p=1303"},"modified":"2024-06-27T21:38:51","modified_gmt":"2024-06-27T19:38:51","slug":"schulsozialarbeit","status":"publish","type":"beratung-und-hilfsan","link":"https:\/\/www.couven-gymnasium.de\/wordpress2\/beratung-und-hilfsan\/schulsozialarbeit\/","title":{"rendered":"Schulsozialarbeit"},"content":{"rendered":"\n<h3 class=\"wp-block-heading\" style=\"font-size:40px\"><strong>Schulsozialarbeit am Couven Gymnasium<\/strong><\/h3>\n\n\n\n<div class=\"wp-block-columns is-layout-flex wp-container-core-columns-is-layout-28f84493 wp-block-columns-is-layout-flex\">\n<div class=\"wp-block-column is-layout-flow wp-block-column-is-layout-flow\" style=\"flex-basis:66.66%\">\n<p style=\"font-size:17px\">Liebe Sch\u00fclerinnen und Sch\u00fcler,<\/p>\n\n\n\n<p style=\"font-size:17px\">liebe Eltern,<\/p>\n\n\n\n<p>als Ansprechpartnerin steht Euch und Ihnen <a href=\"https:\/\/www.couven-gymnasium.de\/wordpress2\/wp-content\/uploads\/2024\/06\/Steckbrief-Sarah-Ulbrich.pdf\">Frau Ulbrich<\/a> zur Verf\u00fcgung:<\/p>\n<\/div>\n\n\n\n<div class=\"wp-block-column is-layout-flow wp-block-column-is-layout-flow\" style=\"flex-basis:33.33%\">\n<figure class=\"wp-block-image size-full is-resized\"><img fetchpriority=\"high\" decoding=\"async\" width=\"440\" height=\"446\" src=\"https:\/\/www.couven-gymnasium.de\/wordpress2\/wp-content\/uploads\/2024\/06\/Ulbrich.png\" alt=\"\" class=\"wp-image-1444\" style=\"width:179px;height:auto\" srcset=\"https:\/\/www.couven-gymnasium.de\/wordpress2\/wp-content\/uploads\/2024\/06\/Ulbrich.png 440w, https:\/\/www.couven-gymnasium.de\/wordpress2\/wp-content\/uploads\/2024\/06\/Ulbrich-296x300.png 296w\" sizes=\"(max-width: 440px) 100vw, 440px\" \/><\/figure>\n<\/div>\n<\/div>\n\n\n\n<ul class=\"wp-block-list\">\n<li style=\"font-size:17px\">f\u00fcr Beratungsgespr\u00e4che<\/li>\n\n\n\n<li>f\u00fcr Unterst\u00fctzungs- und Hilfsangebote<\/li>\n\n\n\n<li>zur Begleitung<\/li>\n\n\n\n<li>zur Vermittlung<\/li>\n\n\n\n<li>bei Antragsfragen<\/li>\n\n\n\n<li>oder, wenn \u201eder Schuh einfach mal dr\u00fcckt\u201c\u2026<\/li>\n<\/ul>\n\n\n\n<p style=\"font-size:17px\">Frau Ulbrich freut sich aber auch \u00fcber einen Besuch, um eine kleine Auszeit aus dem Schulalltag zu nehmen!<\/p>\n\n\n\n<p style=\"font-size:17px\"><strong>Wo?<\/strong>&nbsp;&nbsp; Raum C 125.<\/p>\n\n\n\n<p style=\"font-size:17px\"><strong>Per Mail:<\/strong> <a href=\"mailto:sarah.ulbrich@mail.aachen.de\">sarah.ulbrich@mail.aachen.de<\/a><\/p>\n","protected":false},"featured_media":0,"template":"","class_list":["post-1303","beratung-und-hilfsan","type-beratung-und-hilfsan","status-publish","hentry"],"acf":[],"uagb_featured_image_src":{"full":false,"thumbnail":false,"medium":false,"medium_large":false,"large":false,"1536x1536":false,"2048x2048":false},"uagb_author_info":{"display_name":"Couven","author_link":"https:\/\/www.couven-gymnasium.de\/wordpress2\/author\/"},"uagb_comment_info":0,"uagb_excerpt":"Schulsozialarbeit am Couven Gymnasium Liebe Sch\u00fclerinnen und Sch\u00fcler, liebe Eltern, als Ansprechpartnerin steht Euch und Ihnen Frau Ulbrich zur Verf\u00fcgung: Frau Ulbrich freut sich aber auch \u00fcber einen Besuch, um [&hellip;]","publishpress_future_workflow_manual_trigger":{"enabledWorkflows":[]},"_links":{"self":[{"href":"https:\/\/www.couven-gymnasium.de\/wordpress2\/wp-json\/wp\/v2\/beratung-und-hilfsan\/1303","targetHints":{"allow":["GET"]}}],"collection":[{"href":"https:\/\/www.couven-gymnasium.de\/wordpress2\/wp-json\/wp\/v2\/beratung-und-hilfsan"}],"about":[{"href":"https:\/\/www.couven-gymnasium.de\/wordpress2\/wp-json\/wp\/v2\/types\/beratung-und-hilfsan"}],"wp:attachment":[{"href":"https:\/\/www.couven-gymnasium.de\/wordpress2\/wp-json\/wp\/v2\/media?parent=1303"}],"curies":[{"name":"wp","href":"https:\/\/api.w.org\/{rel}","templated":true}]}}